{"id":63,"date":"2014-10-06T20:26:58","date_gmt":"2014-10-06T20:26:58","guid":{"rendered":"http:\/\/www.afntransportes.com.br\/?page_id=63"},"modified":"2014-10-06T22:25:59","modified_gmt":"2014-10-06T22:25:59","slug":"servicos","status":"publish","type":"page","link":"https:\/\/www.afntransportes.com.br\/?page_id=63","title":{"rendered":"Servi\u00e7os"},"content":{"rendered":"<h2 style=\"text-align: center;\"><span style=\"color: #ff0000;\">Confira abaixo mais informa\u00e7\u00f5es sobre as especialidades de servi\u00e7os prestados:<\/span><\/h2>\n<p>&nbsp;<\/p>\n<table style=\"height: 276px;\" width=\"923\">\n<tbody>\n<tr>\n<td><img loading=\"lazy\" class=\"aligncenter size-medium wp-image-64\" src=\"http:\/\/www.afntransportes.com.br\/wp-content\/uploads\/2014\/10\/cabide-300x204.png\" alt=\"cabide\" width=\"300\" height=\"204\" srcset=\"https:\/\/www.afntransportes.com.br\/wp-content\/uploads\/2014\/10\/cabide-300x204.png 300w, https:\/\/www.afntransportes.com.br\/wp-content\/uploads\/2014\/10\/cabide.png 394w\" sizes=\"(max-width: 300px) 100vw, 300px\" \/><\/td>\n<td>\n<ul>\n<li>\n<h3>Mudan\u00e7as Residenciais e Empresariais<\/h3>\n<\/li>\n<li>\n<h3>Montagem de Layout<\/h3>\n<\/li>\n<li>\n<h3>Transportes Sensiveis<\/h3>\n<\/li>\n<li>\n<h3>I\u00e7amento de moveis para mudan\u00e7a<\/h3>\n<\/li>\n<li>\n<h3>Transporte de Piano<\/h3>\n<\/li>\n<li>\n<h3>Transporte de Cofre<\/h3>\n<\/li>\n<li>\n<h3>Desmontagem e montagem de moveis<\/h3>\n<\/li>\n<li>\n<h3>Embalagens especiais<\/h3>\n<\/li>\n<\/ul>\n<\/td>\n<\/tr>\n<\/tbody>\n<\/table>\n<h2 style=\"text-align: center;\"><span style=\"color: #ff0000;\">Aproveitamento de cargas para todo o Brasil<\/span><\/h2>\n<table>\n<tbody>\n<tr>\n<td>\n<h3 style=\"text-align: justify;\">Temos caminh\u00f5es que saem semanalmente para a maioria das capitais do Brasil, este servi\u00e7o \u00e9 de extrema seguran\u00e7a e seus pertences ser\u00e3o embalados, etiquetados com o endere\u00e7o e nome da pessoa que forem receber por l\u00e1.<\/h3>\n<\/td>\n<td>\u00a0<img loading=\"lazy\" class=\"aligncenter wp-image-65\" src=\"http:\/\/www.afntransportes.com.br\/wp-content\/uploads\/2014\/10\/frota-300x262.jpg\" alt=\"frota\" width=\"1252\" height=\"559\" \/><\/td>\n<\/tr>\n<\/tbody>\n<\/table>\n<table>\n<tbody>\n<tr>\n<td>\n<h3><img loading=\"lazy\" class=\"aligncenter wp-image-66\" src=\"http:\/\/www.afntransportes.com.br\/wp-content\/uploads\/2014\/10\/galpao-300x199.jpg\" alt=\"galpao\" width=\"1442\" height=\"680\" \/><\/h3>\n<\/td>\n<td>\n<h3>Nossos montadores s\u00e3o capacitados para desmontar e montar m\u00f3veis para mudan\u00e7as como guarda-roupas, estantes, camas, mesas e instala\u00e7\u00e3o de armario de cozinha, prateleiras, instala\u00e7\u00f5es comerciais e outras.<\/h3>\n<\/td>\n<\/tr>\n<\/tbody>\n<\/table>\n","protected":false},"excerpt":{"rendered":"<p>Confira abaixo mais informa\u00e7\u00f5es sobre as especialidades de servi\u00e7os prestados: &nbsp; Mudan\u00e7as Residenciais e Empresariais Montagem de Layout Transportes Sensiveis I\u00e7amento de moveis para mudan\u00e7a Transporte de Piano Transporte de Cofre Desmontagem e montagem de moveis Embalagens especiais Aproveitamento de cargas para todo o Brasil Temos caminh\u00f5es que saem semanalmente para a maioria das capitais [&hellip;]<\/p>\n","protected":false},"author":1,"featured_media":0,"parent":0,"menu_order":0,"comment_status":"closed","ping_status":"closed","template":"page-full_width.php","meta":[],"_links":{"self":[{"href":"https:\/\/www.afntransportes.com.br\/index.php?rest_route=\/wp\/v2\/pages\/63"}],"collection":[{"href":"https:\/\/www.afntransportes.com.br\/index.php?rest_route=\/wp\/v2\/pages"}],"about":[{"href":"https:\/\/www.afntransportes.com.br\/index.php?rest_route=\/wp\/v2\/types\/page"}],"author":[{"embeddable":true,"href":"https:\/\/www.afntransportes.com.br\/index.php?rest_route=\/wp\/v2\/users\/1"}],"replies":[{"embeddable":true,"href":"https:\/\/www.afntransportes.com.br\/index.php?rest_route=%2Fwp%2Fv2%2Fcomments&post=63"}],"version-history":[{"count":13,"href":"https:\/\/www.afntransportes.com.br\/index.php?rest_route=\/wp\/v2\/pages\/63\/revisions"}],"predecessor-version":[{"id":79,"href":"https:\/\/www.afntransportes.com.br\/index.php?rest_route=\/wp\/v2\/pages\/63\/revisions\/79"}],"wp:attachment":[{"href":"https:\/\/www.afntransportes.com.br\/index.php?rest_route=%2Fwp%2Fv2%2Fmedia&parent=63"}],"curies":[{"name":"wp","href":"https:\/\/api.w.org\/{rel}","templated":true}]}}